{"version":"1.0","provider_name":"Professor Murat Ali Karavelio\u011flu","provider_url":"https:\/\/www.muratalikaravelioglu.com.tr\/en","author_name":"admin-secure","author_url":"https:\/\/www.muratalikaravelioglu.com.tr\/en\/author\/admin-secure\/","title":"Payda\u015f\u0131 Oldu\u011fumuz Kongre \u0130stanbul\u2019da D\u00fczenlendi!","type":"rich","width":600,"height":338,"html":"<blockquote class=\"wp-embedded-content\" data-secret=\"o8oWo4uFeD\"><a href=\"https:\/\/www.muratalikaravelioglu.com.tr\/en\/paydasi-oldugumuz-kongre-istanbulda-duzenlendi\/\">The Congress We Participated In Was Held in Istanbul!<\/a><\/blockquote><iframe sandbox=\"allow-scripts\" security=\"restricted\" src=\"https:\/\/www.muratalikaravelioglu.com.tr\/en\/paydasi-oldugumuz-kongre-istanbulda-duzenlendi\/embed\/#?secret=o8oWo4uFeD\" width=\"600\" height=\"338\" title=\"&#8220;Payda\u015f\u0131 Oldu\u011fumuz Kongre \u0130stanbul\u2019da D\u00fczenlendi!&#8221; &#8212; Prof. Dr. Murat Ali Karavelio\u011flu\" data-secret=\"o8oWo4uFeD\" frameborder=\"0\" marginwidth=\"0\" marginheight=\"0\" scrolling=\"no\" class=\"wp-embedded-content\"><\/iframe><script type=\"text\/javascript\">\n\/* <![CDATA[ *\/\n\/*! This file is auto-generated *\/\n!function(d,l){\"use strict\";l.querySelector&&d.addEventListener&&\"undefined\"!=typeof URL&&(d.wp=d.wp||{},d.wp.receiveEmbedMessage||(d.wp.receiveEmbedMessage=function(e){var t=e.data;if((t||t.secret||t.message||t.value)&&!\/[^a-zA-Z0-9]\/.test(t.secret)){for(var s,r,n,a=l.querySelectorAll('iframe[data-secret=\"'+t.secret+'\"]'),o=l.querySelectorAll('blockquote[data-secret=\"'+t.secret+'\"]'),c=new RegExp(\"^https?:$\",\"i\"),i=0;i<o.length;i++)o[i].style.display=\"none\";for(i=0;i<a.length;i++)s=a[i],e.source===s.contentWindow&&(s.removeAttribute(\"style\"),\"height\"===t.message?(1e3<(r=parseInt(t.value,10))?r=1e3:~~r<200&&(r=200),s.height=r):\"link\"===t.message&&(r=new URL(s.getAttribute(\"src\")),n=new URL(t.value),c.test(n.protocol))&&n.host===r.host&&l.activeElement===s&&(d.top.location.href=t.value))}},d.addEventListener(\"message\",d.wp.receiveEmbedMessage,!1),l.addEventListener(\"DOMContentLoaded\",function(){for(var e,t,s=l.querySelectorAll(\"iframe.wp-embedded-content\"),r=0;r<s.length;r++)(t=(e=s[r]).getAttribute(\"data-secret\"))||(t=Math.random().toString(36).substring(2,12),e.src+=\"#?secret=\"+t,e.setAttribute(\"data-secret\",t)),e.contentWindow.postMessage({message:\"ready\",secret:t},\"*\")},!1)))}(window,document);\n\/* ]]> *\/\n<\/script>","thumbnail_url":"https:\/\/www.muratalikaravelioglu.com.tr\/wp-content\/uploads\/2022\/03\/Prof-Dr-Murat-Ali-Karavelio\u011flu.jpeg","thumbnail_width":1500,"thumbnail_height":999,"description":"Payda\u015f\u0131 Oldu\u011fumuz Kongre \u0130stanbul\u2019da D\u00fczenlendi! I\u011fd\u0131r \u00dcniversitesi ile Rimar Academy\u2019nin ortakla\u015fa d\u00fczenledi\u011fi \u20184. Uluslararas\u0131 Dil ve Edebiyat Kongresi\u2019 \u0130stanbul\u2019da ger\u00e7ekle\u015ftirildi. Farkl\u0131 \u00fclkelerden bir\u00e7ok bilim insan\u0131n\u0131n yer ald\u0131\u011f\u0131 \u20184. Uluslararas\u0131 Dil ve Edebiyat Kongresi\u2019 \u0130stanbul\u2019da yap\u0131ld\u0131. S\u00f6z konusu payda\u015f\u0131 oldu\u011fumuz kongrenin a\u00e7\u0131l\u0131\u015f t\u00f6renine \u00dcniversitemizi temsilen Fen Edebiyat Fak\u00fcltesi T\u00fcrk Dili ve Edebiyat\u0131 B\u00f6l\u00fcm\u00fc Ba\u015fkan\u0131 Prof. Dr. [...]"}